{"id":23661,"date":"2025-08-19T13:51:39","date_gmt":"2025-08-19T10:51:39","guid":{"rendered":"https:\/\/folkart.ee\/?page_id=23661"},"modified":"2025-11-03T14:17:14","modified_gmt":"2025-11-03T12:17:14","slug":"conference-living-folk-costume-2","status":"publish","type":"page","link":"https:\/\/folkart.ee\/en\/conference-living-folk-costume-2\/","title":{"rendered":"Conference Living Folk Costume 2"},"content":{"rendered":"<p data-start=\"2597\" data-end=\"2733\"><strong data-start=\"2597\" data-end=\"2731\">The Estonian Folk Art and Craft Union in cooperation with NGO Estonian National Costume invites you to the international folk costume conference<\/strong><\/p>\n<h5 data-start=\"2735\" data-end=\"2764\"><em data-start=\"2739\" data-end=\"2762\">Living Folk Costume 2<\/em><\/h5>\n<p>&nbsp;<\/p>\n<p data-start=\"2597\" data-end=\"2733\"><img fetchpriority=\"high\" decoding=\"async\" class=\"alignnone size-medium wp-image-23749\" src=\"https:\/\/folkart.ee\/wp-content\/uploads\/2025\/09\/A3_plakat_elav-rahvaroivas-2-213x300.jpg\" alt=\"\" width=\"213\" height=\"300\" srcset=\"https:\/\/folkart.ee\/wp-content\/uploads\/2025\/09\/A3_plakat_elav-rahvaroivas-2-213x300.jpg 213w, https:\/\/folkart.ee\/wp-content\/uploads\/2025\/09\/A3_plakat_elav-rahvaroivas-2-728x1024.jpg 728w, https:\/\/folkart.ee\/wp-content\/uploads\/2025\/09\/A3_plakat_elav-rahvaroivas-2-768x1080.jpg 768w, https:\/\/folkart.ee\/wp-content\/uploads\/2025\/09\/A3_plakat_elav-rahvaroivas-2-1093x1536.jpg 1093w, https:\/\/folkart.ee\/wp-content\/uploads\/2025\/09\/A3_plakat_elav-rahvaroivas-2-1457x2048.jpg 1457w, https:\/\/folkart.ee\/wp-content\/uploads\/2025\/09\/A3_plakat_elav-rahvaroivas-2-2000x2811.jpg 2000w, https:\/\/folkart.ee\/wp-content\/uploads\/2025\/09\/A3_plakat_elav-rahvaroivas-2-600x843.jpg 600w, https:\/\/folkart.ee\/wp-content\/uploads\/2025\/09\/A3_plakat_elav-rahvaroivas-2-scaled.jpg 1821w\" sizes=\"(max-width: 213px) 100vw, 213px\" \/><\/p>\n<p data-start=\"2735\" data-end=\"2764\">.<\/p>\n<p data-start=\"2765\" data-end=\"2821\"><strong>Place and time:<\/strong> 9th November 2025 \u00b7 Tallinn, Kultuurikatel \u00b7 10:00\u201316:30<\/p>\n<p data-start=\"2823\" data-end=\"3103\">The conference is held within the framework of the annual theme <em data-start=\"2887\" data-end=\"2909\">Folk Costume Squared<\/em>. The programme includes a rich selection of lectures, complemented by special exhibitions and workshops. Presentations will be in Estonian and English, with simultaneous translation provided.<\/p>\n<p data-start=\"2823\" data-end=\"3103\">.<\/p>\n<h2 data-start=\"2823\" data-end=\"3103\"><span class=\"x1xsqp64 xiy17q3 x1o6pynw x19co3pv xdj266r xjn30re xat24cr x1hb08if x2b8uid\" data-testid=\"emoji\"><span class=\"xexx8yu xcaqkgz x18d9i69 xbwkkl7 x3jgonx x1bhl96m\">\ud83e\uddf6 <\/span><\/span><a href=\"https:\/\/forms.gle\/irvsQjQfaSkASfHM6\" target=\"_blank\" rel=\"noopener\">REGISTER HERE<\/a><\/h2>\n<p>&nbsp;<\/p>\n<p>.<\/p>\n<h5 data-start=\"4877\" data-end=\"4904\">Participation and Fees<\/h5>\n<ul data-start=\"4905\" data-end=\"5127\">\n<li data-start=\"4905\" data-end=\"4982\">\n<p data-start=\"4907\" data-end=\"4982\"><strong data-start=\"4907\" data-end=\"4926\">Conference fee:<\/strong> \u20ac50 (includes catering: coffee breaks and lunch).<\/p>\n<\/li>\n<li data-start=\"4983\" data-end=\"5127\">\n<p data-start=\"4985\" data-end=\"5127\"><strong data-start=\"4985\" data-end=\"5028\">Evening reception at Tallinn Town Hall:<\/strong> \u20ac60 (includes catering and a presentation of regional folk costumes).<\/p>\n<\/li>\n<\/ul>\n<p>&nbsp;<\/p>\n<p>Registration is available until the 27th of October.<\/p>\n<p>&nbsp;<\/p>\n<p>&nbsp;<\/p>\n<h2 data-start=\"2823\" data-end=\"3103\"><a href=\"https:\/\/folkart.ee\/wp-content\/uploads\/2025\/09\/Living-folk-costume-2_programme.pdf\" target=\"_blank\" rel=\"noopener\"><span class=\"x1xsqp64 xiy17q3 x1o6pynw x19co3pv xdj266r xjn30re xat24cr x1hb08if x2b8uid\" data-testid=\"emoji\"><span class=\"xexx8yu xcaqkgz x18d9i69 xbwkkl7 x3jgonx x1bhl96m\">\ud83e\uddf6 <\/span><\/span>PROGRAMME<\/a><\/h2>\n<p>.<\/p>\n<p>&nbsp;<\/p>\n<p data-start=\"5129\" data-end=\"5154\"><strong>Note to Participants<\/strong><\/p>\n<p data-start=\"5155\" data-end=\"5320\">We encourage participants to attend the conference in folk costumes or national attire, creating a living and dignified link between tradition and the present day.<\/p>\n<article class=\"text-token-text-primary w-full focus:outline-none [--shadow-height:45px] has-data-writing-block:pointer-events-none has-data-writing-block:-mt-(--shadow-height) has-data-writing-block:pt-(--shadow-height) [&amp;:has([data-writing-block])&gt;*]:pointer-events-auto scroll-mt-[calc(var(--header-height)+min(200px,max(70px,20svh)))]\" dir=\"auto\" style=\"font-style: normal; font-variant-caps: normal; font-weight: 400; letter-spacing: normal; orphans: auto; text-align: start; text-indent: 0px; text-transform: none; white-space: normal; widows: auto; word-spacing: 0px; -webkit-text-size-adjust: auto; -webkit-text-stroke-width: 0px; text-decoration: none; caret-color: #000000; color: #000000;\" tabindex=\"-1\" data-turn-id=\"request-WEB:c814452b-52dc-4221-a3ee-8c031090bd0c-0\" data-testid=\"conversation-turn-2\" data-scroll-anchor=\"true\" data-turn=\"assistant\">\n<div class=\"text-base my-auto mx-auto pb-10 [--thread-content-margin:--spacing(4)] thread-sm:[--thread-content-margin:--spacing(6)] thread-lg:[--thread-content-margin:--spacing(16)] px-(--thread-content-margin)\">\n<div class=\"[--thread-content-max-width:40rem] thread-lg:[--thread-content-max-width:48rem] mx-auto max-w-(--thread-content-max-width) flex-1 group\/turn-messages focus-visible:outline-hidden relative flex w-full min-w-0 flex-col agent-turn\" tabindex=\"-1\">\n<div class=\"flex max-w-full flex-col grow\">\n<div class=\"min-h-8 text-message relative flex w-full flex-col items-end gap-2 text-start break-words whitespace-normal [.text-message+&amp;]:mt-1\" dir=\"auto\" data-message-author-role=\"assistant\" data-message-id=\"d9111c26-b6d9-42da-a5b3-c401887d3b8b\" data-message-model-slug=\"gpt-5\">\n<div class=\"flex w-full flex-col gap-1 empty:hidden first:pt-[1px]\">\n<div class=\"markdown prose dark:prose-invert w-full break-words light markdown-new-styling\">\n<p data-start=\"0\" data-end=\"523\"><strong data-start=\"0\" data-end=\"92\">Indrek Ikkonen. Ethnographic Jewellery \u2013 Regional Characteristics and Wearing Traditions<\/strong><\/p>\n<p data-start=\"0\" data-end=\"523\"><br data-start=\"92\" data-end=\"95\" \/><img decoding=\"async\" class=\"size-medium wp-image-23958 alignleft\" src=\"https:\/\/folkart.ee\/wp-content\/uploads\/2025\/11\/Indrek-Ikkonen-200x300.jpg\" alt=\"\" width=\"200\" height=\"300\" srcset=\"https:\/\/folkart.ee\/wp-content\/uploads\/2025\/11\/Indrek-Ikkonen-200x300.jpg 200w, https:\/\/folkart.ee\/wp-content\/uploads\/2025\/11\/Indrek-Ikkonen-683x1024.jpg 683w, https:\/\/folkart.ee\/wp-content\/uploads\/2025\/11\/Indrek-Ikkonen-768x1152.jpg 768w, https:\/\/folkart.ee\/wp-content\/uploads\/2025\/11\/Indrek-Ikkonen-1024x1536.jpg 1024w, https:\/\/folkart.ee\/wp-content\/uploads\/2025\/11\/Indrek-Ikkonen-1365x2048.jpg 1365w, https:\/\/folkart.ee\/wp-content\/uploads\/2025\/11\/Indrek-Ikkonen-2000x3000.jpg 2000w, https:\/\/folkart.ee\/wp-content\/uploads\/2025\/11\/Indrek-Ikkonen-600x900.jpg 600w, https:\/\/folkart.ee\/wp-content\/uploads\/2025\/11\/Indrek-Ikkonen-scaled.jpg 1707w\" sizes=\"(max-width: 200px) 100vw, 200px\" \/>The workshop provides an overview of the development and evolution of ethnographic jewellery in the 18th\u201319th centuries. It discusses changes in jewellery culture during this period, exploring why certain types of jewellery disappeared and were replaced by new ones. The session also examines regional and parish-specific characteristics of ethnographic jewellery and explains the key principles for composing a jewellery set.<\/p>\n<p data-start=\"525\" data-end=\"549\" data-is-last-node=\"\" data-is-only-node=\"\"><strong data-start=\"525\" data-end=\"549\" data-is-last-node=\"\">Location \u2013 Classroom<\/strong><\/p>\n<\/div>\n<\/div>\n<\/div>\n<\/div>\n<\/div>\n<\/div>\n<\/article>\n<p>&nbsp;<\/p>\n<p>&nbsp;<\/p>\n<p>&nbsp;<\/p>\n<p>&nbsp;<\/p>\n<p style=\"font-weight: 400;\"><strong>Mari Pukk. Fabric Patterns of the Past, Technology of Today<\/strong><\/p>\n<p style=\"font-weight: 400;\">(Period-accurate calico: reviving printed patterns to complement folk costumes)<\/p>\n<p style=\"font-weight: 400;\"><img decoding=\"async\" class=\"size-medium wp-image-23955 alignleft\" src=\"https:\/\/folkart.ee\/wp-content\/uploads\/2025\/11\/image001-2-201x300.jpg\" alt=\"\" width=\"201\" height=\"300\" srcset=\"https:\/\/folkart.ee\/wp-content\/uploads\/2025\/11\/image001-2-201x300.jpg 201w, https:\/\/folkart.ee\/wp-content\/uploads\/2025\/11\/image001-2-685x1024.jpg 685w, https:\/\/folkart.ee\/wp-content\/uploads\/2025\/11\/image001-2-768x1147.jpg 768w, https:\/\/folkart.ee\/wp-content\/uploads\/2025\/11\/image001-2-1028x1536.jpg 1028w, https:\/\/folkart.ee\/wp-content\/uploads\/2025\/11\/image001-2-1371x2048.jpg 1371w, https:\/\/folkart.ee\/wp-content\/uploads\/2025\/11\/image001-2-2000x2988.jpg 2000w, https:\/\/folkart.ee\/wp-content\/uploads\/2025\/11\/image001-2-600x896.jpg 600w, https:\/\/folkart.ee\/wp-content\/uploads\/2025\/11\/image001-2-scaled.jpg 1714w\" sizes=\"(max-width: 201px) 100vw, 201px\" \/>How to find the right printed calico fabric to complement a folk costume when the original is only visible in a museum, worn out, or missing entirely? This session introduces practical ways to digitally recreate historical printed patterns and apply them to fabric using modern techniques. Participants will gain insight into pattern research, adaptation, and printing options that help enhance or restore folk costume ensembles with stylistic accuracy and cultural sensitivity. The approach is aimed at folk costume makers and wearers who value period authenticity, precision, and sustainable heritage.<\/p>\n<p>Location \u2013 Cloud<\/p>\n<p>&nbsp;<\/p>\n<p>&nbsp;<\/p>\n<p>&nbsp;<\/p>\n<p>&nbsp;<\/p>\n<p><strong>Eva-Liisa Kriis. Handweaving of Folk Costume Fabrics, Reproduction Fabrics from Museum Originals<\/strong><\/p>\n<p><img loading=\"lazy\" decoding=\"async\" class=\"size-medium wp-image-23953 alignleft\" src=\"https:\/\/folkart.ee\/wp-content\/uploads\/2025\/11\/Eva-Liisa-Kriis.-Foto_Urmas-Luik-300x192.png\" alt=\"\" width=\"300\" height=\"192\" srcset=\"https:\/\/folkart.ee\/wp-content\/uploads\/2025\/11\/Eva-Liisa-Kriis.-Foto_Urmas-Luik-300x192.png 300w, https:\/\/folkart.ee\/wp-content\/uploads\/2025\/11\/Eva-Liisa-Kriis.-Foto_Urmas-Luik-1024x655.png 1024w, https:\/\/folkart.ee\/wp-content\/uploads\/2025\/11\/Eva-Liisa-Kriis.-Foto_Urmas-Luik-768x491.png 768w, https:\/\/folkart.ee\/wp-content\/uploads\/2025\/11\/Eva-Liisa-Kriis.-Foto_Urmas-Luik-600x384.png 600w, https:\/\/folkart.ee\/wp-content\/uploads\/2025\/11\/Eva-Liisa-Kriis.-Foto_Urmas-Luik.png 1318w\" sizes=\"(max-width: 300px) 100vw, 300px\" \/>In this workshop, we open the world of historical folk fabrics. Participants will experience traditionally hand-woven textiles created today and learn the principles and techniques of producing museum-quality replica fabrics. (Photo: Urmas Luik)<\/p>\n<p>Location \u2013 Shed<\/p>\n","protected":false},"excerpt":{"rendered":"<p>The Estonian Folk Art and Craft Union in cooperation with NGO Estonian National Costume invites you to the international folk costume conference Living Folk Costume 2 &nbsp; . Place and time: 9th November 2025 \u00b7 Tallinn, Kultuurikatel \u00b7 10:00\u201316:30 The conference is held within the framework of the annual theme Folk Costume Squared. The programme &hellip; <a href=\"https:\/\/folkart.ee\/en\/conference-living-folk-costume-2\/\">Continued<\/a><\/p>\n","protected":false},"author":8,"featured_media":0,"parent":0,"menu_order":0,"comment_status":"closed","ping_status":"closed","template":"","meta":{"_acf_changed":false,"footnotes":""},"class_list":["post-23661","page","type-page","status-publish","hentry"],"acf":[],"yoast_head":"<!-- This site is optimized with the Yoast SEO plugin v23.4 - https:\/\/yoast.com\/wordpress\/plugins\/seo\/ -->\n<title>Conference Living Folk Costume 2 - Estonian Folk Art and Craft Union<\/title>\n<meta name=\"robots\" content=\"index, follow, max-snippet:-1, max-image-preview:large, max-video-preview:-1\" \/>\n<link rel=\"canonical\" href=\"https:\/\/folkart.ee\/en\/conference-living-folk-costume-2\/\" \/>\n<meta property=\"og:locale\" content=\"en_US\" \/>\n<meta property=\"og:type\" content=\"article\" \/>\n<meta property=\"og:title\" content=\"Conference Living Folk Costume 2 - Estonian Folk Art and Craft Union\" \/>\n<meta property=\"og:description\" content=\"The Estonian Folk Art and Craft Union in cooperation with NGO Estonian National Costume invites you to the international folk costume conference Living Folk Costume 2 &nbsp; . Place and time: 9th November 2025 \u00b7 Tallinn, Kultuurikatel \u00b7 10:00\u201316:30 The conference is held within the framework of the annual theme Folk Costume Squared. The programme &hellip; Continued\" \/>\n<meta property=\"og:url\" content=\"https:\/\/folkart.ee\/en\/conference-living-folk-costume-2\/\" \/>\n<meta property=\"og:site_name\" content=\"Estonian Folk Art and Craft Union\" \/>\n<meta property=\"article:modified_time\" content=\"2025-11-03T12:17:14+00:00\" \/>\n<meta property=\"og:image\" content=\"https:\/\/folkart.ee\/wp-content\/uploads\/2025\/09\/A3_plakat_elav-rahvaroivas-2-213x300.jpg\" \/>\n<meta name=\"twitter:card\" content=\"summary_large_image\" \/>\n<meta name=\"twitter:label1\" content=\"Est. reading time\" \/>\n\t<meta name=\"twitter:data1\" content=\"4 minutes\" \/>\n<script type=\"application\/ld+json\" class=\"yoast-schema-graph\">{\"@context\":\"https:\/\/schema.org\",\"@graph\":[{\"@type\":\"WebPage\",\"@id\":\"https:\/\/folkart.ee\/en\/conference-living-folk-costume-2\/\",\"url\":\"https:\/\/folkart.ee\/en\/conference-living-folk-costume-2\/\",\"name\":\"Conference Living Folk Costume 2 - Estonian Folk Art and Craft Union\",\"isPartOf\":{\"@id\":\"https:\/\/folkart.ee\/#website\"},\"primaryImageOfPage\":{\"@id\":\"https:\/\/folkart.ee\/en\/conference-living-folk-costume-2\/#primaryimage\"},\"image\":{\"@id\":\"https:\/\/folkart.ee\/en\/conference-living-folk-costume-2\/#primaryimage\"},\"thumbnailUrl\":\"https:\/\/folkart.ee\/wp-content\/uploads\/2025\/09\/A3_plakat_elav-rahvaroivas-2-213x300.jpg\",\"datePublished\":\"2025-08-19T10:51:39+00:00\",\"dateModified\":\"2025-11-03T12:17:14+00:00\",\"breadcrumb\":{\"@id\":\"https:\/\/folkart.ee\/en\/conference-living-folk-costume-2\/#breadcrumb\"},\"inLanguage\":\"en-US\",\"potentialAction\":[{\"@type\":\"ReadAction\",\"target\":[\"https:\/\/folkart.ee\/en\/conference-living-folk-costume-2\/\"]}]},{\"@type\":\"ImageObject\",\"inLanguage\":\"en-US\",\"@id\":\"https:\/\/folkart.ee\/en\/conference-living-folk-costume-2\/#primaryimage\",\"url\":\"https:\/\/folkart.ee\/wp-content\/uploads\/2025\/09\/A3_plakat_elav-rahvaroivas-2-213x300.jpg\",\"contentUrl\":\"https:\/\/folkart.ee\/wp-content\/uploads\/2025\/09\/A3_plakat_elav-rahvaroivas-2-213x300.jpg\"},{\"@type\":\"BreadcrumbList\",\"@id\":\"https:\/\/folkart.ee\/en\/conference-living-folk-costume-2\/#breadcrumb\",\"itemListElement\":[{\"@type\":\"ListItem\",\"position\":1,\"name\":\"Home\",\"item\":\"https:\/\/folkart.ee\/en\/\"},{\"@type\":\"ListItem\",\"position\":2,\"name\":\"Conference Living Folk Costume 2\"}]},{\"@type\":\"WebSite\",\"@id\":\"https:\/\/folkart.ee\/#website\",\"url\":\"https:\/\/folkart.ee\/\",\"name\":\"Estonian Folk Art and Craft Union\",\"description\":\"\",\"publisher\":{\"@id\":\"https:\/\/folkart.ee\/#organization\"},\"potentialAction\":[{\"@type\":\"SearchAction\",\"target\":{\"@type\":\"EntryPoint\",\"urlTemplate\":\"https:\/\/folkart.ee\/?s={search_term_string}\"},\"query-input\":{\"@type\":\"PropertyValueSpecification\",\"valueRequired\":true,\"valueName\":\"search_term_string\"}}],\"inLanguage\":\"en-US\"},{\"@type\":\"Organization\",\"@id\":\"https:\/\/folkart.ee\/#organization\",\"name\":\"Estonian Folk Art and Craft Union\",\"url\":\"https:\/\/folkart.ee\/\",\"logo\":{\"@type\":\"ImageObject\",\"inLanguage\":\"en-US\",\"@id\":\"https:\/\/folkart.ee\/#\/schema\/logo\/image\/\",\"url\":\"https:\/\/folkart.ee\/wp-content\/uploads\/2016\/06\/eesti-rahvakunsti-ja-k\u00e4sit\u00f6\u00f6-liit.png\",\"contentUrl\":\"https:\/\/folkart.ee\/wp-content\/uploads\/2016\/06\/eesti-rahvakunsti-ja-k\u00e4sit\u00f6\u00f6-liit.png\",\"width\":114,\"height\":114,\"caption\":\"Estonian Folk Art and Craft Union\"},\"image\":{\"@id\":\"https:\/\/folkart.ee\/#\/schema\/logo\/image\/\"}}]}<\/script>\n<!-- \/ Yoast SEO plugin. -->","yoast_head_json":{"title":"Conference Living Folk Costume 2 - Estonian Folk Art and Craft Union","robots":{"index":"index","follow":"follow","max-snippet":"max-snippet:-1","max-image-preview":"max-image-preview:large","max-video-preview":"max-video-preview:-1"},"canonical":"https:\/\/folkart.ee\/en\/conference-living-folk-costume-2\/","og_locale":"en_US","og_type":"article","og_title":"Conference Living Folk Costume 2 - Estonian Folk Art and Craft Union","og_description":"The Estonian Folk Art and Craft Union in cooperation with NGO Estonian National Costume invites you to the international folk costume conference Living Folk Costume 2 &nbsp; . Place and time: 9th November 2025 \u00b7 Tallinn, Kultuurikatel \u00b7 10:00\u201316:30 The conference is held within the framework of the annual theme Folk Costume Squared. The programme &hellip; Continued","og_url":"https:\/\/folkart.ee\/en\/conference-living-folk-costume-2\/","og_site_name":"Estonian Folk Art and Craft Union","article_modified_time":"2025-11-03T12:17:14+00:00","og_image":[{"url":"https:\/\/folkart.ee\/wp-content\/uploads\/2025\/09\/A3_plakat_elav-rahvaroivas-2-213x300.jpg"}],"twitter_card":"summary_large_image","twitter_misc":{"Est. reading time":"4 minutes"},"schema":{"@context":"https:\/\/schema.org","@graph":[{"@type":"WebPage","@id":"https:\/\/folkart.ee\/en\/conference-living-folk-costume-2\/","url":"https:\/\/folkart.ee\/en\/conference-living-folk-costume-2\/","name":"Conference Living Folk Costume 2 - Estonian Folk Art and Craft Union","isPartOf":{"@id":"https:\/\/folkart.ee\/#website"},"primaryImageOfPage":{"@id":"https:\/\/folkart.ee\/en\/conference-living-folk-costume-2\/#primaryimage"},"image":{"@id":"https:\/\/folkart.ee\/en\/conference-living-folk-costume-2\/#primaryimage"},"thumbnailUrl":"https:\/\/folkart.ee\/wp-content\/uploads\/2025\/09\/A3_plakat_elav-rahvaroivas-2-213x300.jpg","datePublished":"2025-08-19T10:51:39+00:00","dateModified":"2025-11-03T12:17:14+00:00","breadcrumb":{"@id":"https:\/\/folkart.ee\/en\/conference-living-folk-costume-2\/#breadcrumb"},"inLanguage":"en-US","potentialAction":[{"@type":"ReadAction","target":["https:\/\/folkart.ee\/en\/conference-living-folk-costume-2\/"]}]},{"@type":"ImageObject","inLanguage":"en-US","@id":"https:\/\/folkart.ee\/en\/conference-living-folk-costume-2\/#primaryimage","url":"https:\/\/folkart.ee\/wp-content\/uploads\/2025\/09\/A3_plakat_elav-rahvaroivas-2-213x300.jpg","contentUrl":"https:\/\/folkart.ee\/wp-content\/uploads\/2025\/09\/A3_plakat_elav-rahvaroivas-2-213x300.jpg"},{"@type":"BreadcrumbList","@id":"https:\/\/folkart.ee\/en\/conference-living-folk-costume-2\/#breadcrumb","itemListElement":[{"@type":"ListItem","position":1,"name":"Home","item":"https:\/\/folkart.ee\/en\/"},{"@type":"ListItem","position":2,"name":"Conference Living Folk Costume 2"}]},{"@type":"WebSite","@id":"https:\/\/folkart.ee\/#website","url":"https:\/\/folkart.ee\/","name":"Estonian Folk Art and Craft Union","description":"","publisher":{"@id":"https:\/\/folkart.ee\/#organization"},"potentialAction":[{"@type":"SearchAction","target":{"@type":"EntryPoint","urlTemplate":"https:\/\/folkart.ee\/?s={search_term_string}"},"query-input":{"@type":"PropertyValueSpecification","valueRequired":true,"valueName":"search_term_string"}}],"inLanguage":"en-US"},{"@type":"Organization","@id":"https:\/\/folkart.ee\/#organization","name":"Estonian Folk Art and Craft Union","url":"https:\/\/folkart.ee\/","logo":{"@type":"ImageObject","inLanguage":"en-US","@id":"https:\/\/folkart.ee\/#\/schema\/logo\/image\/","url":"https:\/\/folkart.ee\/wp-content\/uploads\/2016\/06\/eesti-rahvakunsti-ja-k\u00e4sit\u00f6\u00f6-liit.png","contentUrl":"https:\/\/folkart.ee\/wp-content\/uploads\/2016\/06\/eesti-rahvakunsti-ja-k\u00e4sit\u00f6\u00f6-liit.png","width":114,"height":114,"caption":"Estonian Folk Art and Craft Union"},"image":{"@id":"https:\/\/folkart.ee\/#\/schema\/logo\/image\/"}}]}},"_links":{"self":[{"href":"https:\/\/folkart.ee\/en\/wp-json\/wp\/v2\/pages\/23661"}],"collection":[{"href":"https:\/\/folkart.ee\/en\/wp-json\/wp\/v2\/pages"}],"about":[{"href":"https:\/\/folkart.ee\/en\/wp-json\/wp\/v2\/types\/page"}],"author":[{"embeddable":true,"href":"https:\/\/folkart.ee\/en\/wp-json\/wp\/v2\/users\/8"}],"replies":[{"embeddable":true,"href":"https:\/\/folkart.ee\/en\/wp-json\/wp\/v2\/comments?post=23661"}],"version-history":[{"count":14,"href":"https:\/\/folkart.ee\/en\/wp-json\/wp\/v2\/pages\/23661\/revisions"}],"predecessor-version":[{"id":23963,"href":"https:\/\/folkart.ee\/en\/wp-json\/wp\/v2\/pages\/23661\/revisions\/23963"}],"wp:attachment":[{"href":"https:\/\/folkart.ee\/en\/wp-json\/wp\/v2\/media?parent=23661"}],"curies":[{"name":"wp","href":"https:\/\/api.w.org\/{rel}","templated":true}]}}